{"id":8012,"date":"2017-09-18T20:37:21","date_gmt":"2017-09-18T16:07:21","guid":{"rendered":"https:\/\/goldenwest.pt\/?page_id=8012"},"modified":"2024-11-11T10:19:34","modified_gmt":"2024-11-11T06:49:34","slug":"goldenwest-portugal-residency","status":"publish","type":"page","link":"https:\/\/goldenwest.pt\/tr\/","title":{"rendered":"Ana Sayfa"},"content":{"rendered":"<p>[vc_row bg_type=&#8221;&#8221; dima_canvas_style=&#8221;&#8221; translate_x=&#8221;0&#8243; dima_z_index=&#8221;0&#8243; delay=&#8221;&#8221; animate_item=&#8221;&#8221; delay_duration=&#8221;&#8221; delay_offset=&#8221;&#8221;][vc_column bg_type=&#8221;&#8221; dima_canvas_style=&#8221;&#8221; min_height=&#8221;&#8221; translate_x=&#8221;0&#8243; dima_z_index=&#8221;0&#8243; delay=&#8221;&#8221; delay_duration=&#8221;&#8221; delay_offset=&#8221;&#8221; width=&#8221;1\/1&#8243;]<div  class=\"dima-img text-center column-item overflow-hidden\"       ><img loading=\"lazy\" decoding=\"async\" width=\"150\" height=\"61\" src=\"https:\/\/goldenwest.pt\/wp-content\/uploads\/2024\/09\/portugal-turkey-flag.png\" class=\"dima_image-img dima-image attachment-full\" alt=\"\" srcset=\"https:\/\/goldenwest.pt\/wp-content\/uploads\/2024\/09\/portugal-turkey-flag.png 150w, https:\/\/goldenwest.pt\/wp-content\/uploads\/2024\/09\/portugal-turkey-flag-24x10.png 24w, https:\/\/goldenwest.pt\/wp-content\/uploads\/2024\/09\/portugal-turkey-flag-36x15.png 36w, https:\/\/goldenwest.pt\/wp-content\/uploads\/2024\/09\/portugal-turkey-flag-48x20.png 48w\" sizes=\"auto, (max-width: 150px) 100vw, 150px\" \/><\/div>[vc_row_inner bg_type=&#8221;&#8221; dima_canvas_style=&#8221;&#8221; translate_x=&#8221;0&#8243; dima_z_index=&#8221;0&#8243;][vc_column_inner delay=&#8221;&#8221; delay_duration=&#8221;&#8221; delay_offset=&#8221;&#8221; visibility_sd=&#8221;hidden&#8221; visibility_xsd=&#8221;hidden&#8221; translate_x=&#8221;0&#8243; dima_z_index=&#8221;0&#8243; width=&#8221;1\/3&#8243; id=&#8221;&#8221; class=&#8221;&#8221; style=&#8221;&#8221; border_color=&#8221;&#8221;]<hr>[\/vc_column_inner][vc_column_inner delay=&#8221;&#8221; delay_duration=&#8221;&#8221; delay_offset=&#8221;&#8221; translate_x=&#8221;0&#8243; dima_z_index=&#8221;0&#8243; width=&#8221;1\/3&#8243;]<h4  class=\"dima-custom-heading text-center\"  data-animate=transition.slideUpIn data-delay=300 data-duration=500 ><\/p>\n<h2 style=\"text-align: center;\"><span style=\"font-size: 21pt; color: #19406a; font-family: Arial, Helvetica, sans-serif;\">GoldenWest<\/span><\/h2>\n<p><\/h4>[\/vc_column_inner][vc_column_inner delay=&#8221;&#8221; delay_duration=&#8221;&#8221; delay_offset=&#8221;&#8221; visibility_sd=&#8221;hidden&#8221; visibility_xsd=&#8221;hidden&#8221; translate_x=&#8221;0&#8243; dima_z_index=&#8221;0&#8243; width=&#8221;1\/3&#8243; id=&#8221;&#8221; class=&#8221;&#8221; style=&#8221;&#8221; border_color=&#8221;&#8221;]<hr>[\/vc_column_inner][\/vc_row_inner]\n\t<div class=\"wpb_content_element \" >\n\t\t<div class=\"wpb_wrapper\">\n\t\t\t<p style=\"text-align: justify;\"><span style=\"font-family: Arial, Helvetica, sans-serif; color: #000000;\">Portekiz, yakla\u015f\u0131k 11 milyon n\u00fcfusa sahip, ba\u015fkenti Lizbon, resmi dili Portekizce, para birimi Euro olan, Avrupa anakaras\u0131n\u0131n en bat\u0131daki \u00fclkesidir. Bu \u00fclke, y\u00f6netim y\u00f6ntemi parlamento olan Avrupa Birli\u011fi ve NATO \u00fcyesidir. Bu \u00fclke halk\u0131n\u0131n dini Roma Katolik kolundan H\u0131ristiyanl\u0131kt\u0131r.<\/span><\/p>\n<p style=\"text-align: justify;\"><span style=\"font-family: Arial, Helvetica, sans-serif; color: #000000;\">Portekiz&#8217;e g\u00f6\u00e7 etme ve Portekiz&#8217;de ikamet konusundaki y\u00fcksek talebin nedenlerinden biri, aile ve yak\u0131n arkada\u015fl\u0131klar aras\u0131nda \u015fekillenen s\u0131cak ve dost canl\u0131s\u0131 Portekiz k\u00fclt\u00fcr\u00fcd\u00fcr. Ayr\u0131ca Portekiz&#8217;de kalman\u0131n ve bu \u00fclkede ya\u015faman\u0131n maliyetleri di\u011fer Avrupa \u00fclkelerine g\u00f6re olduk\u00e7a makuld\u00fcr. Portekiz&#8217;in 2019 y\u0131l\u0131nda d\u00fcnyan\u0131n en g\u00fcvenli \u00fc\u00e7\u00fcnc\u00fc \u00fclkesi oldu\u011funu, Lizbon&#8217;un iki y\u0131l \u00fcst \u00fcste d\u00fcnyan\u0131n ya\u015fanacak en iyi \u015fehirlerinden biri se\u00e7ildi\u011fini ve 2018-2019 y\u0131llar\u0131nda Porto&#8217;nun da Avrupa&#8217;n\u0131n en iyi \u015fehri se\u00e7ildi\u011fini de unutmay\u0131n. Ayr\u0131ca Braga \u015fehri Avrupa&#8217;n\u0131n k\u00fclt\u00fcr ba\u015fkenti olarak an\u0131l\u0131rken, Coimbra \u00dcniversitesi de Avrupa&#8217;n\u0131n ilk ve en eski \u00fcniversitesi olarak biliniyor. Portekiz&#8217;in di\u011fer Avrupa \u00fclkelerinden en b\u00fcy\u00fck fark\u0131 ise olduk\u00e7a hareketli olmas\u0131 ve Almanya, Avusturya gibi \u00fclkelerden farkl\u0131 olarak al\u0131\u015fveri\u015f merkezleri, hipermarket ve restoranlar\u0131n\u0131n gece 23.00&#8217;e kadar halka a\u00e7\u0131k olmas\u0131d\u0131r. Bunlar\u0131n yan\u0131 s\u0131ra Portekiz, yat\u0131r\u0131m i\u00e7in kuyrukta bekleyen 30.000&#8217;den fazla g\u00f6n\u00fcll\u00fcyle (en fazla ba\u015fvuru say\u0131s\u0131na sahip \u00c7in&#8217;in birinci, Rusya&#8217;n\u0131n ikinci s\u0131rada) yat\u0131r\u0131m ve ya\u015fam i\u00e7in en iyi destinasyon olarak da biliniyor.<\/span><\/p>\n<p style=\"text-align: justify;\"><span style=\"font-family: Arial, Helvetica, sans-serif; color: #000000;\">Golden West, Portekiz&#8217;de oturma izni alma konusunda 15 y\u0131ll\u0131k deneyime sahip bir Portekiz \u015firketidir. Bu \u015firket, Portekiz \u0130kamet Programlar\u0131, PortekizGolden Visa, portekiz d7 vizesi, Portekiz&#8217;de \u015firket kurmak, Portekiz \u00d6\u011frenci Vizesi ve Portekiz&#8217;de yat\u0131r\u0131m gibi t\u00fcm y\u00f6ntemleri hakk\u0131nda zengin ve g\u00fcncel bilgilere sahiptir.<\/span><\/p>\n\n\t\t<\/div> \n\t<\/div> <div  class=\"dima-clear\" style=\"padding-bottom:15px\"><\/div>[\/vc_column][\/vc_row][vc_row bg_type=&#8221;bg_image&#8221; dima_canvas_style=&#8221;&#8221; cover=&#8221;true&#8221; cover_color=&#8221;rgba(25,64,106,0.86)&#8221; top_shape_color=&#8221;#ffffff&#8221; bottom_shape_color=&#8221;#ffffff&#8221; translate_x=&#8221;0&#8243; dima_z_index=&#8221;0&#8243; delay=&#8221;&#8221; animate_item=&#8221;&#8221; delay_duration=&#8221;&#8221; delay_offset=&#8221;&#8221; id=&#8221;&#8221; class=&#8221;&#8221; di_bg_image=&#8221;7520&#8243; border_color=&#8221;&#8221;][vc_column bg_type=&#8221;&#8221; dima_canvas_style=&#8221;&#8221; min_height=&#8221;&#8221; translate_x=&#8221;0&#8243; dima_z_index=&#8221;0&#8243; delay=&#8221;&#8221; delay_duration=&#8221;&#8221; delay_offset=&#8221;&#8221; width=&#8221;1\/1&#8243;]<h4  class=\"dima-custom-heading text-center\"   ><\/p>\n<h2 style=\"text-align: center;\"><span style=\"font-size: 14pt;\"><strong><span style=\"color: #ffffff; font-family: Arial, Helvetica, sans-serif;\">Portekiz \u0130kamet Programlar\u0131<\/span><\/strong><\/span><\/h2>\n<p><\/h4><div  class=\"dima-clear\" style=\"padding-bottom:80px\"><\/div>[vc_row_inner bg_type=&#8221;&#8221; dima_canvas_style=&#8221;&#8221; translate_x=&#8221;0&#8243; dima_z_index=&#8221;0&#8243;][vc_column_inner delay=&#8221;&#8221; delay_duration=&#8221;&#8221; delay_offset=&#8221;&#8221; translate_x=&#8221;0&#8243; dima_z_index=&#8221;0&#8243; width=&#8221;1\/4&#8243;]<div  class=\"dima-iconbox no-box text-center\"  style=\"\"><header  class=\"icon-box-header \"  ><span style=\"background-color:rgba(255,255,255,0.01);box-shadow: 0 0 0 2px rgba(255,255,255,0.2);color:#ffffff;\" class=\" box-circle  icon-box-hover icon-box-medium\"><i class=\"fa fa-money\"><\/i><\/span><\/header><div  class=\"features-content\"  ><h5 class=\"features-title\" style=\"color:#ffffff;\">Portekiz Golden Visa<\/h5><span class=\"dima-divider line-center line-hr small-line\"><\/span>\n<p style=\"text-align: center;\"><span style=\"font-family: Arial, Helvetica, sans-serif; color: #ffffff;\"><span class=\"HwtZe\" lang=\"tr\"><span class=\"jCAhz ChMk0b\"><span class=\"ryNqvb\">Alt\u0131n Vize program\u0131 kapsam\u0131nda Portekiz&#8217;de yat\u0131r\u0131m yaparak, t\u00fcrk vatanda\u015flar\u0131 ikamet alma hakk\u0131na sahiptir.<\/span><\/span><\/span><\/span><\/p>\n<\/div><\/div><a   href=\"https:\/\/goldenwest.pt\/tr\/portekiz-golden-visa\/\"  class=\"dima-button dima-waves fill dima-btn-small float-center\"    target=\"_blank\" rel=\"noopener\"  >Detayl\u0131 Bilgi<\/a>[\/vc_column_inner][vc_column_inner delay=&#8221;&#8221; delay_duration=&#8221;&#8221; delay_offset=&#8221;&#8221; translate_x=&#8221;0&#8243; dima_z_index=&#8221;0&#8243; width=&#8221;1\/4&#8243;]<div  class=\"dima-iconbox no-box text-center\"  style=\"\"><header  class=\"icon-box-header \"  ><span style=\"background-color:rgba(255,255,255,0.01);box-shadow: 0 0 0 2px rgba(255,255,255,0.2);color:#ffffff;\" class=\" box-circle  icon-box-hover icon-box-medium\"><i class=\"fa fa-id-card-o\"><\/i><\/span><\/header><div  class=\"features-content\"  ><h5 class=\"features-title\" style=\"color:#ffffff;\">Portekiz D7 Vizesi<\/h5><span class=\"dima-divider line-center line-hr small-line\"><\/span>\n<p style=\"text-align: center;\"><span style=\"color: #ffffff; font-family: Arial, Helvetica, sans-serif;\"><span class=\"HwtZe\" lang=\"tr\"><span class=\"jCAhz ChMk0b\"><span class=\"ryNqvb\">Ayl\u0131k en az 820 Euro sabit geliri veya emekli maa\u015f\u0131 olan ki\u015filer D7 vizesi alabilirler.<\/span><\/span><\/span><\/span><\/p>\n<\/div><\/div><a   href=\"https:\/\/goldenwest.pt\/tr\/portekiz-d7-vizesi\/\"  class=\"dima-button dima-waves fill dima-btn-small float-center\"    target=\"_blank\" rel=\"noopener\"  >Detayl\u0131 Bilgi<\/a>[\/vc_column_inner][vc_column_inner delay=&#8221;&#8221; delay_duration=&#8221;&#8221; delay_offset=&#8221;&#8221; translate_x=&#8221;0&#8243; dima_z_index=&#8221;0&#8243; width=&#8221;1\/4&#8243;]<div  class=\"dima-iconbox no-box text-center\"  style=\"\"><header  class=\"icon-box-header \"  ><span style=\"background-color:rgba(255,255,255,0.01);box-shadow: 0 0 0 2px rgba(255,255,255,0.2);color:#ffffff;\" class=\" box-circle  icon-box-hover icon-box-medium\"><i class=\"fa fa-building-o\"><\/i><\/span><\/header><div  class=\"features-content\"  ><h5 class=\"features-title\" style=\"color:#ffffff;\">Portekiz'de \u015eirket Kurmak<\/h5><span class=\"dima-divider line-center line-hr small-line\"><\/span>\n<p style=\"text-align: center;\"><span style=\"font-family: Arial, Helvetica, sans-serif; color: #ffffff;\"><span class=\"HwtZe\" lang=\"tr\"><span class=\"jCAhz ChMk0b\"><span class=\"ryNqvb\">Portekiz&#8217;de \u015firkete kurmak, ikamet alman\u0131n ve Portekiz&#8217;e g\u00f6\u00e7 etmenin yollar\u0131ndan biridir.<\/span><\/span> <\/span><\/span><\/p>\n<\/div><\/div><a   href=\"https:\/\/goldenwest.pt\/tr\/portekizde-sirket-kurmak\/\"  class=\"dima-button dima-waves fill dima-btn-small dima-shadow float-center\"    target=\"_blank\" rel=\"noopener\"  >Detayl\u0131 Bilgi<\/a>[\/vc_column_inner][vc_column_inner delay=&#8221;&#8221; delay_duration=&#8221;&#8221; delay_offset=&#8221;&#8221; translate_x=&#8221;0&#8243; dima_z_index=&#8221;0&#8243; width=&#8221;1\/4&#8243;]<div  class=\"dima-iconbox no-box text-center\"  style=\"\"><header  class=\"icon-box-header \"  ><span style=\"background-color:rgba(255,255,255,0.01);box-shadow: 0 0 0 2px rgba(255,255,255,0.2);color:#ffffff;\" class=\" box-circle  icon-box-hover icon-box-medium\"><i class=\"fa fa-graduation-cap\"><\/i><\/span><\/header><div  class=\"features-content\"  ><h5 class=\"features-title\" style=\"color:#ffffff;\">Portekiz \u00d6\u011frenci Vizesi<\/h5><span class=\"dima-divider line-center line-hr small-line\"><\/span>\n<p style=\"text-align: center;\"><span style=\"font-family: shabnam; color: #ffffff;\"><span style=\"font-family: Arial, Helvetica, sans-serif;\">Portekiz, <span class=\"HwtZe\" lang=\"tr\"><span class=\"jCAhz ChMk0b\"><span class=\"ryNqvb\">Kaliteli \u00fcniversiteleriyle<\/span><\/span><\/span>, Avrupa&#8217;n\u0131n en pop\u00fcler e\u011fitim destinasyonlar\u0131ndan biri haline gelmi\u015ftir.<\/span> <\/span><\/p>\n<\/div><\/div><a   href=\"https:\/\/goldenwest.pt\/portugal-visa-residency\/\"  class=\"dima-button dima-waves fill dima-btn-small float-center\"    target=\"_blank\" rel=\"noopener\"  >Detayl\u0131 Bilgi<\/a>[\/vc_column_inner][\/vc_row_inner][\/vc_column][\/vc_row][vc_row bg_type=&#8221;&#8221; dima_canvas_style=&#8221;&#8221; translate_x=&#8221;0&#8243; dima_z_index=&#8221;0&#8243; delay=&#8221;&#8221; animate_item=&#8221;&#8221; delay_duration=&#8221;&#8221; delay_offset=&#8221;&#8221;][vc_column bg_type=&#8221;&#8221; dima_canvas_style=&#8221;&#8221; min_height=&#8221;&#8221; translate_x=&#8221;0&#8243; dima_z_index=&#8221;0&#8243; delay=&#8221;&#8221; delay_duration=&#8221;&#8221; delay_offset=&#8221;&#8221; width=&#8221;1\/1&#8243;]<h4  class=\"dima-custom-heading text-center\"   ><\/p>\n<h2 style=\"text-align: center;\"><strong><span style=\"font-family: Arial, Helvetica, sans-serif; font-size: 14pt;\"><span style=\"color: #19406a;\">Portekiz, dil s\u0131nav<\/span><span style=\"color: #19406a;\">\u0131 <\/span><span style=\"color: #19406a;\">gerekmeden, be\u015f y\u0131l sonra pasaport sunan tek Avrupa \u00fclkesi <\/span><\/span><\/strong><\/h2>\n<p><\/h4>[vc_row_inner bg_type=&#8221;&#8221; dima_canvas_style=&#8221;&#8221; translate_x=&#8221;0&#8243; dima_z_index=&#8221;0&#8243;][vc_column_inner delay=&#8221;&#8221; delay_duration=&#8221;&#8221; delay_offset=&#8221;&#8221; translate_x=&#8221;0&#8243; dima_z_index=&#8221;0&#8243; width=&#8221;1\/1&#8243;]\n\t<div class=\"wpb_content_element \" >\n\t\t<div class=\"wpb_wrapper\">\n\t\t\t<p style=\"text-align: justify;\"><span style=\"font-family: Arial, Helvetica, sans-serif; color: #000000;\"><span class=\"HwtZe\" lang=\"tr\"><span class=\"jCAhz ChMk0b\"><span class=\"ryNqvb\">Portekiz, be\u015f y\u0131l sonra dil s\u0131nav\u0131 gerekmeden ve Minimum ikamet \u015fart\u0131 olmadan (alt\u0131n vize), 24 ya\u015f\u0131n alt\u0131ndaki t\u00fcm aile \u00fcyelerine, hatta ba\u015fvuran \u00e7iftin ebeveynlerine (e\u011fer 65 ya\u015f \u00fczerindeyse) daimi ikamet ve pasaport hakk\u0131 tan\u0131yan tek Avrupa \u00fclkesidir. <\/span><\/span><\/span><\/span><span class=\"HwtZe\" lang=\"tr\" style=\"color: #000000; font-family: Arial, Helvetica, sans-serif;\"><span class=\"jCAhz ChMk0b\"><span class=\"ryNqvb\">Portekiz pasaportu d\u00fcnyada be\u015finci s\u0131rada yer al\u0131yor ve Bu pasaportun sahibi, Amerika Birle\u015fik Devletleri ve \u0130ngiltere dahil 175 \u00fclkeye vizesiz seyahat edilebiliyor.<\/span><\/span><\/span><\/p>\n\n\t\t<\/div> \n\t<\/div> [\/vc_column_inner][\/vc_row_inner][\/vc_column][\/vc_row][vc_row bg_type=&#8221;bg_image&#8221; dima_canvas_style=&#8221;&#8221; cover=&#8221;true&#8221; cover_color=&#8221;rgba(25,64,106,0.83)&#8221; translate_x=&#8221;0&#8243; dima_z_index=&#8221;0&#8243; delay=&#8221;&#8221; animate_item=&#8221;&#8221; delay_duration=&#8221;&#8221; delay_offset=&#8221;&#8221; id=&#8221;&#8221; class=&#8221;&#8221; di_bg_image=&#8221;2199&#8243; border_color=&#8221;&#8221;][vc_column bg_type=&#8221;&#8221; dima_canvas_style=&#8221;&#8221; min_height=&#8221;&#8221; translate_x=&#8221;0&#8243; dima_z_index=&#8221;0&#8243; delay=&#8221;&#8221; delay_duration=&#8221;&#8221; delay_offset=&#8221;&#8221; width=&#8221;1\/1&#8243;]<h4  class=\"dima-custom-heading text-center\"   ><\/p>\n<p style=\"text-align: center;\"><span style=\"font-size: 14pt; font-family: Arial, Helvetica, sans-serif;\"><strong><span style=\"color: #ffffff;\"><span class=\"HwtZe\" lang=\"tr\"><span class=\"jCAhz ChMk0b\"><span class=\"ryNqvb\">Neden Portekiz?<\/span><\/span><\/span><\/span><\/strong><\/span><\/p>\n<p><\/h4><div  class=\"dima-divider   line-hr line-\"   ><\/div>[vc_row_inner bg_type=&#8221;&#8221; dima_canvas_style=&#8221;&#8221; translate_x=&#8221;0&#8243; dima_z_index=&#8221;0&#8243;][vc_column_inner delay=&#8221;&#8221; delay_duration=&#8221;&#8221; delay_offset=&#8221;&#8221; translate_x=&#8221;0&#8243; dima_z_index=&#8221;0&#8243; width=&#8221;1\/2&#8243;]<ul  class=\"list-style circle_list\"  ><li   >\n<p style=\"text-align: justify;\"><span class=\"HwtZe\" lang=\"tr\" style=\"font-family: Arial, Helvetica, sans-serif; color: #ffffff;\"><span class=\"jCAhz ChMk0b\"><span class=\"ryNqvb\">Portekiz pasaportu, 176 \u00fclkeye vizesiz seyahat etme imkan\u0131 ile d\u00fcnyan\u0131n en g\u00fc\u00e7l\u00fc pasaportlar\u0131 aras\u0131nda (Amerika, Kanada ve \u0130ngiltere&#8217;nin \u00fcst\u00fcnde) be\u015finci s\u0131rada yer almaktad\u0131r.<\/span><\/span><\/span><\/p>\n<\/li><li   >\n<p style=\"text-align: justify;\"><span class=\"HwtZe\" lang=\"tr\" style=\"font-family: Arial, Helvetica, sans-serif; color: #ffffff;\"><span class=\"jCAhz ChMk0b\"><span class=\"ryNqvb\">Ba\u015flang\u0131\u00e7ta 2 y\u0131l ve daha sonra 3 y\u0131l\u00a0 ikamet izni verilmesi<\/span><\/span><\/span><\/p>\n<\/li><li   ><span class=\"HwtZe\" lang=\"tr\" style=\"font-family: Arial, Helvetica, sans-serif; color: #ffffff;\"><span class=\"jCAhz ChMk0b\"><span class=\"ryNqvb\">\u00c7al\u0131\u015fma iznine sahip <span class=\"HwtZe\" lang=\"tr\">olmas\u0131<\/span><br \/>\n<\/span><\/span><\/span><\/li><li   ><span class=\"HwtZe\" lang=\"tr\" style=\"font-family: Arial, Helvetica, sans-serif; color: #ffffff;\"><span class=\"jCAhz ChMk0b\"><span class=\"ryNqvb\">\u00dccretsiz e\u011fitim ve tedavi<\/span><\/span><\/span><\/li><li   >\n<p style=\"text-align: justify;\"><span class=\"HwtZe\" lang=\"tr\" style=\"font-family: Arial, Helvetica, sans-serif; color: #ffffff;\"><span class=\"jCAhz ChMk0b\"><span class=\"ryNqvb\">Portekiz \u015fehirlerin saat 22.00&#8217;ye kadar aktif olmas\u0131<\/span><\/span><\/span><\/p>\n<\/li><li   >\n<div class=\"lRu31\" dir=\"ltr\" style=\"text-align: justify;\"><span class=\"HwtZe\" lang=\"tr\" style=\"font-family: Arial, Helvetica, sans-serif; color: #ffffff;\"><span class=\"jCAhz ChMk0b\"><span class=\"ryNqvb\">Di\u011fer AB \u00fclkelerine g\u00f6re d\u00fc\u015f\u00fck ya\u015fam maliyeti<\/span><\/span><\/span><\/div>\n<\/li><\/ul>[\/vc_column_inner][vc_column_inner delay=&#8221;&#8221; delay_duration=&#8221;&#8221; delay_offset=&#8221;&#8221; translate_x=&#8221;0&#8243; dima_z_index=&#8221;0&#8243; width=&#8221;1\/2&#8243;]<ul  class=\"list-style circle_list\"  ><li   ><span class=\"HwtZe\" lang=\"tr\" style=\"color: #ffffff; font-family: Arial, Helvetica, sans-serif;\"><span class=\"jCAhz ChMk0b\"><span class=\"ryNqvb\">Dil s\u0131nav\u0131na gerek kalmadan sadece A2 diplomas\u0131 ibraz edilerek vatanda\u015fl\u0131k ve pasaport verilmesi<\/span><\/span><\/span><\/li><li   >\n<p style=\"text-align: justify;\"><span class=\"HwtZe\" lang=\"tr\" style=\"font-family: Arial, Helvetica, sans-serif; color: #ffffff;\"><span class=\"jCAhz ChMk0b\"><span class=\"ryNqvb\">5 y\u0131l\u0131n ard\u0131ndan pasaport verilmesi<\/span><\/span><\/span><\/p>\n<\/li><li   ><span style=\"font-family: Arial, Helvetica, sans-serif; color: #ffffff;\">24 ya\u015f alt\u0131 \u00e7ocuklar\u0131n aile birle\u015fimi<\/span><\/li><li   >\n<p style=\"text-align: justify;\"><span class=\"HwtZe\" lang=\"tr\" style=\"font-family: Arial, Helvetica, sans-serif; color: #ffffff;\"><span class=\"jCAhz ChMk0b\"><span class=\"ryNqvb\">S\u0131cakkanl\u0131 ve misafirperver insanlar<\/span><\/span><\/span><\/p>\n<\/li><li   >\n<p style=\"text-align: justify;\"><span class=\"HwtZe\" lang=\"tr\"><span class=\"jCAhz ChMk0b\"><span class=\"ryNqvb\"><span style=\"font-family: Arial, Helvetica, sans-serif; color: #ffffff;\">Su\u00e7 oran\u0131 d\u00fc\u015f\u00fck ve aile i\u00e7in uygun bir \u00fclke<\/span><br \/>\n<\/span><\/span><\/span><\/p>\n<\/li><li   >\n<p style=\"text-align: justify;\"><span style=\"font-family: Arial, Helvetica, sans-serif; color: #ffffff;\">Portekiz halk\u0131n\u0131n \u0130ngilizce diline hakim olmas\u0131<\/span><\/p>\n<\/li><\/ul>[\/vc_column_inner][\/vc_row_inner][\/vc_column][\/vc_row][vc_row bg_type=&#8221;bg_image&#8221; dima_canvas_style=&#8221;&#8221; translate_x=&#8221;0&#8243; dima_z_index=&#8221;0&#8243; delay=&#8221;&#8221; animate_item=&#8221;&#8221; delay_duration=&#8221;&#8221; delay_offset=&#8221;&#8221; id=&#8221;&#8221; class=&#8221;&#8221; di_bg_image=&#8221;8082&#8243; border_color=&#8221;&#8221;][vc_column bg_type=&#8221;&#8221; dima_canvas_style=&#8221;&#8221; min_height=&#8221;&#8221; translate_x=&#8221;0&#8243; dima_z_index=&#8221;0&#8243; delay=&#8221;&#8221; delay_duration=&#8221;&#8221; delay_offset=&#8221;&#8221; width=&#8221;1\/1&#8243;]<h1  class=\"dima-custom-heading\"   ><\/p>\n<h2 style=\"text-align: center;\"><span style=\"font-family: Arial, Helvetica, sans-serif; font-size: 14pt; color: #19406a;\"><strong><span class=\"HwtZe\" lang=\"tr\"><span class=\"jCAhz ChMk0b\"><span class=\"ryNqvb\">Portekiz&#8217;deki hizmetlerimizden yararlanmak i\u00e7in bizimle ileti\u015fime ge\u00e7in<\/span><\/span><\/span><\/strong><\/span><\/h2>\n<p><\/h1><div  class=\"dima-clear\" style=\"padding-bottom:350px\"><\/div>[\/vc_column][\/vc_row]<\/p>\n","protected":false},"excerpt":{"rendered":"<p>[vc_row bg_type=&#8221;&#8221; dima_canvas_style=&#8221;&#8221; translate_x=&#8221;0&#8243; dima_z_index=&#8221;0&#8243; delay=&#8221;&#8221; animate_item=&#8221;&#8221; delay_duration=&#8221;&#8221; delay_offset=&#8221;&#8221;][vc_column bg_type=&#8221;&#8221; dima_canvas_style=&#8221;&#8221; min_height=&#8221;&#8221; translate_x=&#8221;0&#8243; dima_z_index=&#8221;0&#8243; delay=&#8221;&#8221; delay_duration=&#8221;&#8221; delay_offset=&#8221;&#8221; width=&#8221;1\/1&#8243;][vc_row_inner bg_type=&#8221;&#8221; dima_canvas_style=&#8221;&#8221; translate_x=&#8221;0&#8243; dima_z_index=&#8221;0&#8243;][vc_column_inner delay=&#8221;&#8221; delay_duration=&#8221;&#8221; delay_offset=&#8221;&#8221; visibility_sd=&#8221;hidden&#8221; visibility_xsd=&#8221;hidden&#8221; translate_x=&#8221;0&#8243; dima_z_index=&#8221;0&#8243; width=&#8221;1\/3&#8243; id=&#8221;&#8221; class=&#8221;&#8221; style=&#8221;&#8221; border_color=&#8221;&#8221;][\/vc_column_inner][vc_column_inner delay=&#8221;&#8221; delay_duration=&#8221;&#8221; delay_offset=&#8221;&#8221; translate_x=&#8221;0&#8243; dima_z_index=&#8221;0&#8243; width=&#8221;1\/3&#8243;][\/vc_column_inner][vc_column_inner delay=&#8221;&#8221; delay_duration=&#8221;&#8221; delay_offset=&#8221;&#8221; visibility_sd=&#8221;hidden&#8221; visibility_xsd=&#8221;hidden&#8221; translate_x=&#8221;0&#8243; dima_z_index=&#8221;0&#8243; width=&#8221;1\/3&#8243; id=&#8221;&#8221; class=&#8221;&#8221; style=&#8221;&#8221; border_color=&#8221;&#8221;][\/vc_column_inner][\/vc_row_inner][\/vc_column][\/vc_row][vc_row bg_type=&#8221;bg_image&#8221; dima_canvas_style=&#8221;&#8221; cover=&#8221;true&#8221; [&hellip;]<\/p>\n","protected":false},"author":1,"featured_media":8034,"parent":0,"menu_order":0,"comment_status":"closed","ping_status":"closed","template":"","meta":{"inline_featured_image":false,"footnotes":""},"class_list":["post-8012","page","type-page","status-publish","has-post-thumbnail","hentry"],"_links":{"self":[{"href":"https:\/\/goldenwest.pt\/tr\/wp-json\/wp\/v2\/pages\/8012","targetHints":{"allow":["GET"]}}],"collection":[{"href":"https:\/\/goldenwest.pt\/tr\/wp-json\/wp\/v2\/pages"}],"about":[{"href":"https:\/\/goldenwest.pt\/tr\/wp-json\/wp\/v2\/types\/page"}],"author":[{"embeddable":true,"href":"https:\/\/goldenwest.pt\/tr\/wp-json\/wp\/v2\/users\/1"}],"replies":[{"embeddable":true,"href":"https:\/\/goldenwest.pt\/tr\/wp-json\/wp\/v2\/comments?post=8012"}],"version-history":[{"count":23,"href":"https:\/\/goldenwest.pt\/tr\/wp-json\/wp\/v2\/pages\/8012\/revisions"}],"predecessor-version":[{"id":8445,"href":"https:\/\/goldenwest.pt\/tr\/wp-json\/wp\/v2\/pages\/8012\/revisions\/8445"}],"wp:featuredmedia":[{"embeddable":true,"href":"https:\/\/goldenwest.pt\/tr\/wp-json\/wp\/v2\/media\/8034"}],"wp:attachment":[{"href":"https:\/\/goldenwest.pt\/tr\/wp-json\/wp\/v2\/media?parent=8012"}],"curies":[{"name":"wp","href":"https:\/\/api.w.org\/{rel}","templated":true}]}}